{"id":165,"date":"2024-01-25T20:49:29","date_gmt":"2024-01-25T20:49:29","guid":{"rendered":"https:\/\/neuronesfregides.cat\/?page_id=165"},"modified":"2024-02-02T20:46:33","modified_gmt":"2024-02-02T20:46:33","slug":"disseccionem-la-ciencia","status":"publish","type":"page","link":"https:\/\/neuronesfregides.cat\/index.php\/disseccionem-la-ciencia\/","title":{"rendered":"Disseccionem la ci\u00e8ncia"},"content":{"rendered":"\n<p><em>Disseccionem la ci\u00e8ncia<\/em> \u00e9s un cicle de taules rodones que incideix en la ci\u00e8ncia en s\u00ed. No aprendr\u00e0s sobre l&#8217;ADN ni sobre forats negres, sin\u00f3 sobre com funciona la ci\u00e8ncia, al nivell m\u00e9s hum\u00e0 possible. <br><br>La ci\u00e8ncia la fan les persones, dins d&#8217;una societat, i arrossega els mateixos biaixos que aquestes. Per a entendre&#8217;l millor, descobrim les fortaleses del sistema cient\u00edfic i els reptes a qu\u00e8 s&#8217;enfronta.<\/p>\n\n\n\n<div class=\"wp-block-buttons is-content-justification-center is-layout-flex wp-container-core-buttons-is-layout-a89b3969 wp-block-buttons-is-layout-flex\">\n<div class=\"wp-block-button is-style-fill\" style=\"text-transform:none\"><a class=\"wp-block-button__link has-background-color has-luminous-vivid-amber-to-luminous-vivid-orange-gradient-background has-text-color has-background has-link-color has-text-align-center wp-element-button\" href=\"https:\/\/www.youtube.com\/playlist?list=PLg3gDs4RCqdNzigUZYSuiFKDZHFI4Rb6w\">LLISTA DE REPRODUCCI\u00d3 COMPLETA<\/a><\/div>\n<\/div>\n\n\n\n<p class=\"has-text-align-left\" style=\"margin-top:var(--wp--preset--spacing--50);margin-bottom:var(--wp--preset--spacing--50);font-size:15px\">Aquest projecte va ser possible gr\u00e0cies a un ajut de la Fundaci\u00f3 Catalana per la Recerca i la Innovaci\u00f3 (FCRI).<\/p>\n\n\n\n<hr class=\"wp-block-separator has-text-color has-primary-color has-alpha-channel-opacity has-primary-background-color has-background is-style-wide\" style=\"margin-top:var(--wp--preset--spacing--60);margin-bottom:var(--wp--preset--spacing--60)\"\/>\n\n\n\n<div class=\"wp-block-group is-content-justification-center is-layout-flex wp-container-core-group-is-layout-8f59679e wp-block-group-is-layout-flex\" style=\"margin-top:var(--wp--preset--spacing--40);margin-bottom:var(--wp--preset--spacing--40);padding-right:0;padding-left:0\">\n<div class=\"wp-block-group is-vertical is-layout-flex wp-container-core-group-is-layout-1962b265 wp-block-group-is-layout-flex\" style=\"padding-right:var(--wp--preset--spacing--40);padding-left:var(--wp--preset--spacing--40)\">\n<h3 class=\"wp-block-heading\">01: El m\u00e8tode cient\u00edfic<\/h3>\n\n\n\n<p style=\"font-size:21px\">Per a poder parlar de la ci\u00e8ncia, hem de comen\u00e7ar per definir-la. <br>Per qu\u00e8 podem confiar en ella (si podem)? Com crea el coneixement? Qu\u00e8 \u00e9s aix\u00f2 del &#8220;m\u00e8tode cient\u00edfic&#8221;?<\/p>\n<\/div>\n\n\n\n<figure class=\"wp-block-embed is-type-video is-provider-youtube wp-block-embed-youtube wp-embed-aspect-16-9 wp-has-aspect-ratio wp-container-content-432d1f4f\"><div class=\"wp-block-embed__wrapper\">\n<iframe loading=\"lazy\" title=\"Disseccionem la ci\u00e8ncia: El m\u00e8tode cient\u00edfic\" width=\"500\" height=\"281\" src=\"https:\/\/www.youtube.com\/embed\/FaVhi4hoJ0c?feature=oembed\" frameborder=\"0\" allow=\"accelerometer; autoplay; clipboard-write; encrypted-media; gyroscope; picture-in-picture; web-share\" referrerpolicy=\"strict-origin-when-cross-origin\" allowfullscreen><\/iframe>\n<\/div><\/figure>\n<\/div>\n\n\n\n<div style=\"height:37px\" aria-hidden=\"true\" class=\"wp-block-spacer\"><\/div>\n\n\n\n<div class=\"wp-block-group is-content-justification-center is-layout-flex wp-container-core-group-is-layout-8f59679e wp-block-group-is-layout-flex\" style=\"margin-top:var(--wp--preset--spacing--40);margin-bottom:var(--wp--preset--spacing--40);padding-right:0;padding-left:0\">\n<div class=\"wp-block-group is-vertical is-layout-flex wp-container-core-group-is-layout-1962b265 wp-block-group-is-layout-flex\" style=\"padding-right:var(--wp--preset--spacing--40);padding-left:var(--wp--preset--spacing--40)\">\n<h3 class=\"wp-block-heading\">02: La precaritzaci\u00f3 de la ci\u00e8ncia<\/h3>\n\n\n\n<p style=\"font-size:21px\">L&#8217;aven\u00e7 d&#8217;una societat es fonamenta en els seus aven\u00e7os cient\u00edfics. Per\u00f2 la ci\u00e8ncia est\u00e0 feta per persones, persones amb sous precaris i una carrera inestable i incerta&#8230; Aix\u00f2 tindr\u00e0 conseq\u00fc\u00e8ncies. <\/p>\n<\/div>\n\n\n\n<figure class=\"wp-block-embed is-type-video is-provider-youtube wp-block-embed-youtube wp-embed-aspect-16-9 wp-has-aspect-ratio wp-container-content-432d1f4f\"><div class=\"wp-block-embed__wrapper\">\n<iframe loading=\"lazy\" title=\"La precaritzaci\u00f3 | Disseccionem la ci\u00e8ncia\" width=\"500\" height=\"281\" src=\"https:\/\/www.youtube.com\/embed\/gXuRmvCcnbI?feature=oembed\" frameborder=\"0\" allow=\"accelerometer; autoplay; clipboard-write; encrypted-media; gyroscope; picture-in-picture; web-share\" referrerpolicy=\"strict-origin-when-cross-origin\" allowfullscreen><\/iframe>\n<\/div><\/figure>\n<\/div>\n\n\n\n<div style=\"height:37px\" aria-hidden=\"true\" class=\"wp-block-spacer\"><\/div>\n\n\n\n<div class=\"wp-block-group is-content-justification-center is-layout-flex wp-container-core-group-is-layout-8f59679e wp-block-group-is-layout-flex\" style=\"margin-top:var(--wp--preset--spacing--40);margin-bottom:var(--wp--preset--spacing--40);padding-right:0;padding-left:0\">\n<div class=\"wp-block-group is-vertical is-layout-flex wp-container-core-group-is-layout-1962b265 wp-block-group-is-layout-flex\" style=\"padding-right:var(--wp--preset--spacing--40);padding-left:var(--wp--preset--spacing--40)\">\n<h3 class=\"wp-block-heading\">03: Opressions i discriminacions<\/h3>\n\n\n\n<p style=\"font-size:21px\">Hist\u00f2ricament la ci\u00e8ncia ha estat d&#8217;homes blancs cisheterosexuals, i encara n&#8217;arrosseguem biaixos. Parlem d&#8217;estructures de poder, invisibilitzaci\u00f3 de les cient\u00edfiques i medicina androc\u00e8ntrica.<\/p>\n<\/div>\n\n\n\n<figure class=\"wp-block-embed is-type-video is-provider-youtube wp-block-embed-youtube wp-embed-aspect-16-9 wp-has-aspect-ratio wp-container-content-432d1f4f\"><div class=\"wp-block-embed__wrapper\">\n<iframe loading=\"lazy\" title=\"Disseccionem la Ci\u00e8ncia - Opressions i discriminacions\" width=\"500\" height=\"281\" src=\"https:\/\/www.youtube.com\/embed\/jj1QRB0aaEc?feature=oembed\" frameborder=\"0\" allow=\"accelerometer; autoplay; clipboard-write; encrypted-media; gyroscope; picture-in-picture; web-share\" referrerpolicy=\"strict-origin-when-cross-origin\" allowfullscreen><\/iframe>\n<\/div><\/figure>\n<\/div>\n\n\n\n<div style=\"height:37px\" aria-hidden=\"true\" class=\"wp-block-spacer\"><\/div>\n\n\n\n<div class=\"wp-block-group is-content-justification-center is-layout-flex wp-container-core-group-is-layout-8f59679e wp-block-group-is-layout-flex\" style=\"margin-top:var(--wp--preset--spacing--40);margin-bottom:var(--wp--preset--spacing--40);padding-right:0;padding-left:0\">\n<div class=\"wp-block-group is-vertical is-layout-flex wp-container-core-group-is-layout-1962b265 wp-block-group-is-layout-flex\" style=\"padding-right:var(--wp--preset--spacing--40);padding-left:var(--wp--preset--spacing--40)\">\n<h3 class=\"wp-block-heading\">04: M\u00e9s enll\u00e0 de l&#8217;acad\u00e8mia<\/h3>\n\n\n\n<p style=\"font-size:21px\">Quan ens imaginem un cient\u00edfic, li posem bata i el tanquem a un laboratori. Hi ha ci\u00e8ncia molt m\u00e9s enll\u00e0 d&#8217;aquest estereotip: en l&#8217;empresa, en les pol\u00edtiques p\u00fabliques o en el m\u00f3n art\u00edstic. <\/p>\n<\/div>\n\n\n\n<figure class=\"wp-block-embed is-type-video is-provider-youtube wp-block-embed-youtube wp-embed-aspect-16-9 wp-has-aspect-ratio wp-container-content-432d1f4f\"><div class=\"wp-block-embed__wrapper\">\n<iframe loading=\"lazy\" title=\"Disseccionem la Ci\u00e8ncia - M\u00e9s enll\u00e0 de l&#039;acad\u00e8mia\" width=\"500\" height=\"281\" src=\"https:\/\/www.youtube.com\/embed\/F3mgyyHKQcg?feature=oembed\" frameborder=\"0\" allow=\"accelerometer; autoplay; clipboard-write; encrypted-media; gyroscope; picture-in-picture; web-share\" referrerpolicy=\"strict-origin-when-cross-origin\" allowfullscreen><\/iframe>\n<\/div><\/figure>\n<\/div>\n\n\n\n<div style=\"height:37px\" aria-hidden=\"true\" class=\"wp-block-spacer\"><\/div>\n\n\n\n<div class=\"wp-block-group is-content-justification-center is-layout-flex wp-container-core-group-is-layout-8f59679e wp-block-group-is-layout-flex\" style=\"margin-top:var(--wp--preset--spacing--40);margin-bottom:var(--wp--preset--spacing--40);padding-right:0;padding-left:0\">\n<div class=\"wp-block-group is-vertical is-layout-flex wp-container-core-group-is-layout-1962b265 wp-block-group-is-layout-flex\" style=\"padding-right:var(--wp--preset--spacing--40);padding-left:var(--wp--preset--spacing--40)\">\n<h3 class=\"wp-block-heading\">05: La divulgaci\u00f3 cient\u00edfica<\/h3>\n\n\n\n<p style=\"font-size:21px\">Per tal d&#8217;aconseguir una societat m\u00e9s cr\u00edtica i amb uns objectius m\u00e9s alineats amb la ci\u00e8ncia, cal establir un pont entre totes dues. Parlem de la bona divulgaci\u00f3, dels seus objectius i reptes.<\/p>\n<\/div>\n\n\n\n<figure class=\"wp-block-embed is-type-video is-provider-youtube wp-block-embed-youtube wp-embed-aspect-16-9 wp-has-aspect-ratio wp-container-content-432d1f4f\"><div class=\"wp-block-embed__wrapper\">\n<iframe loading=\"lazy\" title=\"Disseccionem la Ci\u00e8ncia - La divulgaci\u00f3 cient\u00edfica\" width=\"500\" height=\"281\" src=\"https:\/\/www.youtube.com\/embed\/DxG1RgyYbvg?feature=oembed\" frameborder=\"0\" allow=\"accelerometer; autoplay; clipboard-write; encrypted-media; gyroscope; picture-in-picture; web-share\" referrerpolicy=\"strict-origin-when-cross-origin\" allowfullscreen><\/iframe>\n<\/div><\/figure>\n<\/div>\n\n\n\n<div style=\"height:37px\" aria-hidden=\"true\" class=\"wp-block-spacer\"><\/div>\n\n\n\n<div class=\"wp-block-group is-content-justification-center is-layout-flex wp-container-core-group-is-layout-8f59679e wp-block-group-is-layout-flex\" style=\"margin-top:var(--wp--preset--spacing--40);margin-bottom:var(--wp--preset--spacing--40);padding-right:0;padding-left:0\">\n<div class=\"wp-block-group is-vertical is-layout-flex wp-container-core-group-is-layout-1962b265 wp-block-group-is-layout-flex\" style=\"padding-right:var(--wp--preset--spacing--40);padding-left:var(--wp--preset--spacing--40)\">\n<h3 class=\"wp-block-heading\">07: Universitats, <br>        el caldo de cultiu de la ci\u00e8ncia<\/h3>\n\n\n\n<p style=\"font-size:21px\">Anem a les arrels de la ci\u00e8ncia: la universitat. Parlem de les qualitats i desperfectes del nostre sistema universitari, aix\u00ed com de l&#8217;estat de les seves sin\u00e8rgies amb la recerca.<\/p>\n<\/div>\n\n\n\n<figure class=\"wp-block-embed is-type-video is-provider-youtube wp-block-embed-youtube wp-embed-aspect-16-9 wp-has-aspect-ratio wp-container-content-432d1f4f\"><div class=\"wp-block-embed__wrapper\">\n<iframe loading=\"lazy\" title=\"Universitats: el caldo de cultiu de la ci\u00e8ncia | Disseccionem la ci\u00e8ncia\" width=\"500\" height=\"281\" src=\"https:\/\/www.youtube.com\/embed\/h5_K3LbIOdk?feature=oembed\" frameborder=\"0\" allow=\"accelerometer; autoplay; clipboard-write; encrypted-media; gyroscope; picture-in-picture; web-share\" referrerpolicy=\"strict-origin-when-cross-origin\" allowfullscreen><\/iframe>\n<\/div><\/figure>\n<\/div>\n\n\n\n<div style=\"height:37px\" aria-hidden=\"true\" class=\"wp-block-spacer\"><\/div>\n\n\n\n<div class=\"wp-block-group is-content-justification-center is-layout-flex wp-container-core-group-is-layout-8f59679e wp-block-group-is-layout-flex\" style=\"margin-top:var(--wp--preset--spacing--40);margin-bottom:var(--wp--preset--spacing--40);padding-right:0;padding-left:0\">\n<div class=\"wp-block-group is-vertical is-layout-flex wp-container-core-group-is-layout-1962b265 wp-block-group-is-layout-flex\" style=\"padding-right:var(--wp--preset--spacing--40);padding-left:var(--wp--preset--spacing--40)\">\n<h3 class=\"wp-block-heading\">08: L&#8217;auge de les pseudoci\u00e8ncies<\/h3>\n\n\n\n<p style=\"font-size:21px\">Amb l&#8217;\u00e8xit de les xarxes socials, les pseudoci\u00e8ncies estan de moda. <br>La lluita contra elles no \u00e9s f\u00e0cil i demana perspectives diferents. En parlem des de l&#8217;educaci\u00f3, la verificaci\u00f3 i la medicina.<\/p>\n<\/div>\n\n\n\n<figure class=\"wp-block-embed is-type-video is-provider-youtube wp-block-embed-youtube wp-embed-aspect-16-9 wp-has-aspect-ratio wp-container-content-432d1f4f\"><div class=\"wp-block-embed__wrapper\">\n<iframe loading=\"lazy\" title=\"L&#039;auge de les pseudoci\u00e8ncies | Disseccionem la ci\u00e8ncia\" width=\"500\" height=\"281\" src=\"https:\/\/www.youtube.com\/embed\/EjsL0PhmlUU?feature=oembed\" frameborder=\"0\" allow=\"accelerometer; autoplay; clipboard-write; encrypted-media; gyroscope; picture-in-picture; web-share\" referrerpolicy=\"strict-origin-when-cross-origin\" allowfullscreen><\/iframe>\n<\/div><\/figure>\n<\/div>\n\n\n\n<div style=\"height:37px\" aria-hidden=\"true\" class=\"wp-block-spacer\"><\/div>\n\n\n\n<div class=\"wp-block-group is-content-justification-center is-layout-flex wp-container-core-group-is-layout-8f59679e wp-block-group-is-layout-flex\" style=\"margin-top:var(--wp--preset--spacing--40);margin-bottom:var(--wp--preset--spacing--40);padding-right:0;padding-left:0\">\n<div class=\"wp-block-group is-vertical is-layout-flex wp-container-core-group-is-layout-1962b265 wp-block-group-is-layout-flex\" style=\"padding-right:var(--wp--preset--spacing--40);padding-left:var(--wp--preset--spacing--40)\">\n<h3 class=\"wp-block-heading\">09: Salut mental en recerca<\/h3>\n\n\n\n<p style=\"font-size:21px\">El col\u00b7lectiu investigador \u00e9s especialment propens a desenvolupar ansietat o depressi\u00f3. Ens trobem davant d&#8217;una bomba de rellotgeria: quina ci\u00e8ncia ens quedar\u00e0 si els cient\u00edfics emmalalteixen?<\/p>\n<\/div>\n\n\n\n<figure class=\"wp-block-embed is-type-video is-provider-youtube wp-block-embed-youtube wp-embed-aspect-16-9 wp-has-aspect-ratio wp-container-content-432d1f4f\"><div class=\"wp-block-embed__wrapper\">\n<iframe loading=\"lazy\" title=\"Salut mental en recerca | Disseccionem la ci\u00e8ncia\" width=\"500\" height=\"281\" src=\"https:\/\/www.youtube.com\/embed\/DoDWh_a7jCw?feature=oembed\" frameborder=\"0\" allow=\"accelerometer; autoplay; clipboard-write; encrypted-media; gyroscope; picture-in-picture; web-share\" referrerpolicy=\"strict-origin-when-cross-origin\" allowfullscreen><\/iframe>\n<\/div><\/figure>\n<\/div>\n\n\n\n<div style=\"height:37px\" aria-hidden=\"true\" class=\"wp-block-spacer\"><\/div>\n\n\n\n<div class=\"wp-block-group is-content-justification-center is-layout-flex wp-container-core-group-is-layout-8f59679e wp-block-group-is-layout-flex\" style=\"margin-top:var(--wp--preset--spacing--40);margin-bottom:var(--wp--preset--spacing--40);padding-right:0;padding-left:0\">\n<div class=\"wp-block-group is-vertical is-layout-flex wp-container-core-group-is-layout-1962b265 wp-block-group-is-layout-flex\" style=\"padding-right:var(--wp--preset--spacing--40);padding-left:var(--wp--preset--spacing--40)\">\n<h3 class=\"wp-block-heading\">10: Els reptes de la ci\u00e8ncia<\/h3>\n\n\n\n<p style=\"font-size:21px\">El m\u00f3n se&#8217;n va a la merda: canvi clim\u00e0tic, pand\u00e8mies, resist\u00e8ncia als antibi\u00f2tics&#8230; Sort que la ci\u00e8ncia vindr\u00e0 a salvar-nos, oi? Oi?????<br>Qu\u00e8 ha de millorar la ci\u00e8ncia per a ser part de la soluci\u00f3?<\/p>\n<\/div>\n\n\n\n<figure class=\"wp-block-embed is-type-video is-provider-youtube wp-block-embed-youtube wp-embed-aspect-16-9 wp-has-aspect-ratio wp-container-content-432d1f4f\"><div class=\"wp-block-embed__wrapper\">\n<iframe loading=\"lazy\" title=\"Els reptes de la ci\u00e8ncia | Disseccionem la ci\u00e8ncia\" width=\"500\" height=\"281\" src=\"https:\/\/www.youtube.com\/embed\/KK8LVtuM3KY?feature=oembed\" frameborder=\"0\" allow=\"accelerometer; autoplay; clipboard-write; encrypted-media; gyroscope; picture-in-picture; web-share\" referrerpolicy=\"strict-origin-when-cross-origin\" allowfullscreen><\/iframe>\n<\/div><\/figure>\n<\/div>\n","protected":false},"excerpt":{"rendered":"<p>Disseccionem la ci\u00e8ncia \u00e9s un cicle de taules rodones que incideix en la ci\u00e8ncia en s\u00ed. No aprendr\u00e0s sobre l&#8217;ADN ni sobre forats negres, sin\u00f3 sobre com funciona la ci\u00e8ncia, [&hellip;]<\/p>\n","protected":false},"author":1,"featured_media":180,"parent":0,"menu_order":0,"comment_status":"closed","ping_status":"closed","template":"wp-custom-template-descripci-de-projecte","meta":{"_EventAllDay":false,"_EventTimezone":"","_EventStartDate":"","_EventEndDate":"","_EventStartDateUTC":"","_EventEndDateUTC":"","_EventShowMap":false,"_EventShowMapLink":false,"_EventURL":"","_EventCost":"","_EventCostDescription":"","_EventCurrencySymbol":"","_EventCurrencyCode":"","_EventCurrencyPosition":"","_EventDateTimeSeparator":"","_EventTimeRangeSeparator":"","_EventOrganizerID":[],"_EventVenueID":[],"_OrganizerEmail":"","_OrganizerPhone":"","_OrganizerWebsite":"","_VenueAddress":"","_VenueCity":"","_VenueCountry":"","_VenueProvince":"","_VenueState":"","_VenueZip":"","_VenuePhone":"","_VenueURL":"","_VenueStateProvince":"","_VenueLat":"","_VenueLng":"","_VenueShowMap":false,"_VenueShowMapLink":false,"footnotes":""},"class_list":["post-165","page","type-page","status-publish","has-post-thumbnail","hentry"],"_links":{"self":[{"href":"https:\/\/neuronesfregides.cat\/index.php\/wp-json\/wp\/v2\/pages\/165","targetHints":{"allow":["GET"]}}],"collection":[{"href":"https:\/\/neuronesfregides.cat\/index.php\/wp-json\/wp\/v2\/pages"}],"about":[{"href":"https:\/\/neuronesfregides.cat\/index.php\/wp-json\/wp\/v2\/types\/page"}],"author":[{"embeddable":true,"href":"https:\/\/neuronesfregides.cat\/index.php\/wp-json\/wp\/v2\/users\/1"}],"replies":[{"embeddable":true,"href":"https:\/\/neuronesfregides.cat\/index.php\/wp-json\/wp\/v2\/comments?post=165"}],"version-history":[{"count":0,"href":"https:\/\/neuronesfregides.cat\/index.php\/wp-json\/wp\/v2\/pages\/165\/revisions"}],"wp:featuredmedia":[{"embeddable":true,"href":"https:\/\/neuronesfregides.cat\/index.php\/wp-json\/wp\/v2\/media\/180"}],"wp:attachment":[{"href":"https:\/\/neuronesfregides.cat\/index.php\/wp-json\/wp\/v2\/media?parent=165"}],"curies":[{"name":"wp","href":"https:\/\/api.w.org\/{rel}","templated":true}]}}