{"id":468,"date":"2024-03-30T18:07:40","date_gmt":"2024-03-30T18:07:40","guid":{"rendered":"https:\/\/neuronesfregides.cat\/?post_type=tribe_events&#038;p=468"},"modified":"2024-03-30T18:07:40","modified_gmt":"2024-03-30T18:07:40","slug":"xerrada-bioports-coneguem-la-biodiversitat-del-massis-mes-meridional-de-catalunya","status":"publish","type":"tribe_events","link":"https:\/\/neuronesfregides.cat\/index.php\/event\/xerrada-bioports-coneguem-la-biodiversitat-del-massis-mes-meridional-de-catalunya\/","title":{"rendered":"Xerrada: &#8220;BioPorts: Coneguem la biodiversitat del mass\u00eds m\u00e9s meridional de Catalunya&#8221;"},"content":{"rendered":"<p>\u00bfQu\u00e8 \u00e9s la biodiversitat? \u00bfPer qu\u00e8 \u00e9s important conservar-la? \u00bfEns trobem davant d\u2019una extinci\u00f3 massiva d\u2019esp\u00e8cies? Aprofundirem sobre un dels conceptes m\u00e9s importants de la biologia en l\u2019actualitat mentre ens endinsem en el mass\u00eds del Port, un paratge natural \u00fanic ubicat al cor de les Terres de l\u2019Ebre. Aquestes muntanyes, situades a la frontera entre Catalunya, Pa\u00eds Valenci\u00e0 i Arag\u00f3, amaguen una impressionant flora i fauna que resulta desconeguda per a gran part de la resta del pa\u00eds.<\/p>\n<hr \/>\n<p>A c\u00e0rrec de Gerard Gaya, bi\u00f2leg ambiental i divulgador cient\u00edfic. T\u00e8cnic de comunicaci\u00f3 i ci\u00e8ncia ciutadana al Centre de Recerca Ecol\u00f2gica i Aplicacions Forestals (CREAF). Fundador del projecte Bioports i membre de Neurones Fregides.<\/p>\n<p>Esdeveniment gratu\u00eft, es recomana reservar pla\u00e7a <a href=\"https:\/\/ajuntament.barcelona.cat\/ccivics\/guinardo\/bioports-coneguem-la-biodiversitat-del-massis-mes-meridional-de-catalunya\/\">aqu\u00ed<\/a>.<\/p>\n","protected":false},"excerpt":{"rendered":"<p>\u00bfQu\u00e8 \u00e9s la biodiversitat? \u00bfPer qu\u00e8 \u00e9s important conservar-la? \u00bfEns trobem davant d\u2019una extinci\u00f3 massiva d\u2019esp\u00e8cies? Aprofundirem sobre un dels conceptes m\u00e9s importants de la biologia en l\u2019actualitat mentre ens [&hellip;]<\/p>\n","protected":false},"author":1,"featured_media":0,"comment_status":"open","ping_status":"closed","template":"","meta":{"_EventAllDay":false,"_EventTimezone":"Europe\/Madrid","_EventStartDate":"2024-04-24 19:00:00","_EventEndDate":"2024-04-24 20:00:00","_EventStartDateUTC":"2024-04-24 17:00:00","_EventEndDateUTC":"2024-04-24 18:00:00","_EventShowMap":true,"_EventShowMapLink":true,"_EventURL":"https:\/\/ajuntament.barcelona.cat\/ccivics\/guinardo\/bioports-coneguem-la-biodiversitat-del-massis-mes-meridional-de-catalunya\/","_EventCost":"","_EventCostDescription":"","_EventCurrencySymbol":"","_EventCurrencyCode":"","_EventCurrencyPosition":"prefix","_EventDateTimeSeparator":"","_EventTimeRangeSeparator":"","_EventOrganizerID":[],"_EventVenueID":[212],"_OrganizerEmail":"","_OrganizerPhone":"","_OrganizerWebsite":"","_VenueAddress":"","_VenueCity":"","_VenueCountry":"","_VenueProvince":"","_VenueState":"","_VenueZip":"","_VenuePhone":"","_VenueURL":"","_VenueStateProvince":"","_VenueLat":"","_VenueLng":"","_VenueShowMap":false,"_VenueShowMapLink":false,"_tribe_events_status":"","_tribe_events_status_reason":"","footnotes":""},"tags":[],"tribe_events_cat":[],"class_list":["post-468","tribe_events","type-tribe_events","status-publish","hentry"],"_links":{"self":[{"href":"https:\/\/neuronesfregides.cat\/index.php\/wp-json\/wp\/v2\/tribe_events\/468","targetHints":{"allow":["GET"]}}],"collection":[{"href":"https:\/\/neuronesfregides.cat\/index.php\/wp-json\/wp\/v2\/tribe_events"}],"about":[{"href":"https:\/\/neuronesfregides.cat\/index.php\/wp-json\/wp\/v2\/types\/tribe_events"}],"author":[{"embeddable":true,"href":"https:\/\/neuronesfregides.cat\/index.php\/wp-json\/wp\/v2\/users\/1"}],"replies":[{"embeddable":true,"href":"https:\/\/neuronesfregides.cat\/index.php\/wp-json\/wp\/v2\/comments?post=468"}],"version-history":[{"count":0,"href":"https:\/\/neuronesfregides.cat\/index.php\/wp-json\/wp\/v2\/tribe_events\/468\/revisions"}],"wp:attachment":[{"href":"https:\/\/neuronesfregides.cat\/index.php\/wp-json\/wp\/v2\/media?parent=468"}],"wp:term":[{"taxonomy":"post_tag","embeddable":true,"href":"https:\/\/neuronesfregides.cat\/index.php\/wp-json\/wp\/v2\/tags?post=468"},{"taxonomy":"tribe_events_cat","embeddable":true,"href":"https:\/\/neuronesfregides.cat\/index.php\/wp-json\/wp\/v2\/tribe_events_cat?post=468"}],"curies":[{"name":"wp","href":"https:\/\/api.w.org\/{rel}","templated":true}]}}